{"id":506,"date":"2019-02-06T00:37:31","date_gmt":"2019-02-05T23:37:31","guid":{"rendered":"https:\/\/foto-darceky.sk\/?post_type=product&#038;p=506"},"modified":"2019-02-06T00:37:31","modified_gmt":"2019-02-05T23:37:31","slug":"nerezovy-hrncek","status":"publish","type":"product","link":"https:\/\/foto-darceky.sk\/?product=nerezovy-hrncek","title":{"rendered":"Nerezov\u00fd hrn\u010dek"},"content":{"rendered":"<p>Praktick\u00fd a pevn\u00fd kovov\u00fd turistick\u00fd hrn\u010dek striebornej farby. Hrn\u010dek je vyroben\u00fd z nehrdzavej\u00facej ocele.<\/p>\n<p>Priemer hrn\u010deka 82mm\u00a0\/ v\u00fd\u0161ka 100 mm<\/p>\n<p>Objem hrn\u010deka 400ml<\/p>\n<p>Materi\u00e1l nerez<\/p>\n","protected":false},"excerpt":{"rendered":"<p>Svoje n\u00e1vrhy \u010di fotografie na V\u00e1\u0161 fotodar\u010dek vkladajte v ko\u0161\u00edku pri objedn\u00e1vke.<\/p>\n<p>Sp\u00f4sob dopravy:<\/p>\n<p>V r\u00e1mci Slovenskej Republiky cez Slovensk\u00fa po\u0161tu na dobierku alebo prevodom na \u00fa\u010det do 2-3 pracovn\u00fdch dn\u00ed<\/p>\n<p>V r\u00e1mci \u010ceskej Republiky cez Slovensk\u00fa po\u0161tu na dobierku alebo prevodom na \u00fa\u010det do 3-5 pracovn\u00fdch dn\u00ed<\/p>\n","protected":false},"featured_media":507,"comment_status":"open","ping_status":"closed","template":"","meta":{"jetpack_publicize_message":"","jetpack_is_tweetstorm":false,"jetpack_publicize_feature_enabled":true},"product_cat":[38,39],"product_tag":[],"jetpack_publicize_connections":[],"yoast_head":"<!-- This site is optimized with the Yoast SEO plugin v19.3 - https:\/\/yoast.com\/wordpress\/plugins\/seo\/ -->\n<title>Nerezov\u00fd hrn\u010dek - Foto dar\u010deky<\/title>\n<meta name=\"robots\" content=\"index, follow, max-snippet:-1, max-image-preview:large, max-video-preview:-1\" \/>\n<link rel=\"canonical\" href=\"https:\/\/foto-darceky.sk\/?product=nerezovy-hrncek\" \/>\n<meta property=\"og:locale\" content=\"sk_SK\" \/>\n<meta property=\"og:type\" content=\"article\" \/>\n<meta property=\"og:title\" content=\"Nerezov\u00fd hrn\u010dek - Foto dar\u010deky\" \/>\n<meta property=\"og:description\" content=\"Svoje n\u00e1vrhy \u010di fotografie na V\u00e1\u0161 fotodar\u010dek vkladajte v ko\u0161\u00edku pri objedn\u00e1vke.  Sp\u00f4sob dopravy:  V r\u00e1mci Slovenskej Republiky cez Slovensk\u00fa po\u0161tu na dobierku alebo prevodom na \u00fa\u010det do 2-3 pracovn\u00fdch dn\u00ed  V r\u00e1mci \u010ceskej Republiky cez Slovensk\u00fa po\u0161tu na dobierku alebo prevodom na \u00fa\u010det do 3-5 pracovn\u00fdch dn\u00ed\" \/>\n<meta property=\"og:url\" content=\"https:\/\/foto-darceky.sk\/?product=nerezovy-hrncek\" \/>\n<meta property=\"og:site_name\" content=\"Foto dar\u010deky\" \/>\n<meta property=\"og:image\" content=\"https:\/\/foto-darceky.sk\/wp-content\/uploads\/2019\/02\/43.jpg\" \/>\n\t<meta property=\"og:image:width\" content=\"2000\" \/>\n\t<meta property=\"og:image:height\" content=\"2000\" \/>\n\t<meta property=\"og:image:type\" content=\"image\/jpeg\" \/>\n<meta name=\"twitter:card\" content=\"summary_large_image\" \/>\n<script type=\"application\/ld+json\" class=\"yoast-schema-graph\">{\"@context\":\"https:\/\/schema.org\",\"@graph\":[{\"@type\":\"Organization\",\"@id\":\"https:\/\/foto-darceky.sk\/#organization\",\"name\":\"Foto dar\u010deky\",\"url\":\"https:\/\/foto-darceky.sk\/\",\"sameAs\":[],\"logo\":{\"@type\":\"ImageObject\",\"inLanguage\":\"sk-SK\",\"@id\":\"https:\/\/foto-darceky.sk\/#\/schema\/logo\/image\/\",\"url\":\"https:\/\/foto-darceky.sk\/wp-content\/uploads\/2019\/01\/cropped-PicsArt_01-31-09.45.11-4.jpg\",\"contentUrl\":\"https:\/\/foto-darceky.sk\/wp-content\/uploads\/2019\/01\/cropped-PicsArt_01-31-09.45.11-4.jpg\",\"width\":1498,\"height\":742,\"caption\":\"Foto dar\u010deky\"},\"image\":{\"@id\":\"https:\/\/foto-darceky.sk\/#\/schema\/logo\/image\/\"}},{\"@type\":\"WebSite\",\"@id\":\"https:\/\/foto-darceky.sk\/#website\",\"url\":\"https:\/\/foto-darceky.sk\/\",\"name\":\"Foto dar\u010deky\",\"description\":\"Zachy\u0165 okamih kdeko\u013evek bude\u0161 a my ti z neho urob\u00edme do\u017eivotn\u00fa spomienku\",\"publisher\":{\"@id\":\"https:\/\/foto-darceky.sk\/#organization\"},\"potentialAction\":[{\"@type\":\"SearchAction\",\"target\":{\"@type\":\"EntryPoint\",\"urlTemplate\":\"https:\/\/foto-darceky.sk\/?s={search_term_string}\"},\"query-input\":\"required name=search_term_string\"}],\"inLanguage\":\"sk-SK\"},{\"@type\":\"ImageObject\",\"inLanguage\":\"sk-SK\",\"@id\":\"https:\/\/foto-darceky.sk\/?product=nerezovy-hrncek#primaryimage\",\"url\":\"https:\/\/foto-darceky.sk\/wp-content\/uploads\/2019\/02\/43.jpg\",\"contentUrl\":\"https:\/\/foto-darceky.sk\/wp-content\/uploads\/2019\/02\/43.jpg\",\"width\":2000,\"height\":2000},{\"@type\":\"WebPage\",\"@id\":\"https:\/\/foto-darceky.sk\/?product=nerezovy-hrncek\",\"url\":\"https:\/\/foto-darceky.sk\/?product=nerezovy-hrncek\",\"name\":\"Nerezov\u00fd hrn\u010dek - Foto dar\u010deky\",\"isPartOf\":{\"@id\":\"https:\/\/foto-darceky.sk\/#website\"},\"primaryImageOfPage\":{\"@id\":\"https:\/\/foto-darceky.sk\/?product=nerezovy-hrncek#primaryimage\"},\"datePublished\":\"2019-02-05T23:37:31+00:00\",\"dateModified\":\"2019-02-05T23:37:31+00:00\",\"breadcrumb\":{\"@id\":\"https:\/\/foto-darceky.sk\/?product=nerezovy-hrncek#breadcrumb\"},\"inLanguage\":\"sk-SK\",\"potentialAction\":[{\"@type\":\"ReadAction\",\"target\":[\"https:\/\/foto-darceky.sk\/?product=nerezovy-hrncek\"]}]},{\"@type\":\"BreadcrumbList\",\"@id\":\"https:\/\/foto-darceky.sk\/?product=nerezovy-hrncek#breadcrumb\",\"itemListElement\":[{\"@type\":\"ListItem\",\"position\":1,\"name\":\"Home\",\"item\":\"https:\/\/foto-darceky.sk\/\"},{\"@type\":\"ListItem\",\"position\":2,\"name\":\"Obchod\",\"item\":\"https:\/\/foto-darceky.sk\/?page_id=248\"},{\"@type\":\"ListItem\",\"position\":3,\"name\":\"Nerezov\u00fd hrn\u010dek\"}]}]}<\/script>\n<!-- \/ Yoast SEO plugin. -->","yoast_head_json":{"title":"Nerezov\u00fd hrn\u010dek - Foto dar\u010deky","robots":{"index":"index","follow":"follow","max-snippet":"max-snippet:-1","max-image-preview":"max-image-preview:large","max-video-preview":"max-video-preview:-1"},"canonical":"https:\/\/foto-darceky.sk\/?product=nerezovy-hrncek","og_locale":"sk_SK","og_type":"article","og_title":"Nerezov\u00fd hrn\u010dek - Foto dar\u010deky","og_description":"Svoje n\u00e1vrhy \u010di fotografie na V\u00e1\u0161 fotodar\u010dek vkladajte v ko\u0161\u00edku pri objedn\u00e1vke.  Sp\u00f4sob dopravy:  V r\u00e1mci Slovenskej Republiky cez Slovensk\u00fa po\u0161tu na dobierku alebo prevodom na \u00fa\u010det do 2-3 pracovn\u00fdch dn\u00ed  V r\u00e1mci \u010ceskej Republiky cez Slovensk\u00fa po\u0161tu na dobierku alebo prevodom na \u00fa\u010det do 3-5 pracovn\u00fdch dn\u00ed","og_url":"https:\/\/foto-darceky.sk\/?product=nerezovy-hrncek","og_site_name":"Foto dar\u010deky","og_image":[{"width":2000,"height":2000,"url":"https:\/\/foto-darceky.sk\/wp-content\/uploads\/2019\/02\/43.jpg","type":"image\/jpeg"}],"twitter_card":"summary_large_image","schema":{"@context":"https:\/\/schema.org","@graph":[{"@type":"Organization","@id":"https:\/\/foto-darceky.sk\/#organization","name":"Foto dar\u010deky","url":"https:\/\/foto-darceky.sk\/","sameAs":[],"logo":{"@type":"ImageObject","inLanguage":"sk-SK","@id":"https:\/\/foto-darceky.sk\/#\/schema\/logo\/image\/","url":"https:\/\/foto-darceky.sk\/wp-content\/uploads\/2019\/01\/cropped-PicsArt_01-31-09.45.11-4.jpg","contentUrl":"https:\/\/foto-darceky.sk\/wp-content\/uploads\/2019\/01\/cropped-PicsArt_01-31-09.45.11-4.jpg","width":1498,"height":742,"caption":"Foto dar\u010deky"},"image":{"@id":"https:\/\/foto-darceky.sk\/#\/schema\/logo\/image\/"}},{"@type":"WebSite","@id":"https:\/\/foto-darceky.sk\/#website","url":"https:\/\/foto-darceky.sk\/","name":"Foto dar\u010deky","description":"Zachy\u0165 okamih kdeko\u013evek bude\u0161 a my ti z neho urob\u00edme do\u017eivotn\u00fa spomienku","publisher":{"@id":"https:\/\/foto-darceky.sk\/#organization"},"potentialAction":[{"@type":"SearchAction","target":{"@type":"EntryPoint","urlTemplate":"https:\/\/foto-darceky.sk\/?s={search_term_string}"},"query-input":"required name=search_term_string"}],"inLanguage":"sk-SK"},{"@type":"ImageObject","inLanguage":"sk-SK","@id":"https:\/\/foto-darceky.sk\/?product=nerezovy-hrncek#primaryimage","url":"https:\/\/foto-darceky.sk\/wp-content\/uploads\/2019\/02\/43.jpg","contentUrl":"https:\/\/foto-darceky.sk\/wp-content\/uploads\/2019\/02\/43.jpg","width":2000,"height":2000},{"@type":"WebPage","@id":"https:\/\/foto-darceky.sk\/?product=nerezovy-hrncek","url":"https:\/\/foto-darceky.sk\/?product=nerezovy-hrncek","name":"Nerezov\u00fd hrn\u010dek - Foto dar\u010deky","isPartOf":{"@id":"https:\/\/foto-darceky.sk\/#website"},"primaryImageOfPage":{"@id":"https:\/\/foto-darceky.sk\/?product=nerezovy-hrncek#primaryimage"},"datePublished":"2019-02-05T23:37:31+00:00","dateModified":"2019-02-05T23:37:31+00:00","breadcrumb":{"@id":"https:\/\/foto-darceky.sk\/?product=nerezovy-hrncek#breadcrumb"},"inLanguage":"sk-SK","potentialAction":[{"@type":"ReadAction","target":["https:\/\/foto-darceky.sk\/?product=nerezovy-hrncek"]}]},{"@type":"BreadcrumbList","@id":"https:\/\/foto-darceky.sk\/?product=nerezovy-hrncek#breadcrumb","itemListElement":[{"@type":"ListItem","position":1,"name":"Home","item":"https:\/\/foto-darceky.sk\/"},{"@type":"ListItem","position":2,"name":"Obchod","item":"https:\/\/foto-darceky.sk\/?page_id=248"},{"@type":"ListItem","position":3,"name":"Nerezov\u00fd hrn\u010dek"}]}]}},"jetpack_sharing_enabled":true,"_links":{"self":[{"href":"https:\/\/foto-darceky.sk\/index.php?rest_route=\/wp\/v2\/product\/506"}],"collection":[{"href":"https:\/\/foto-darceky.sk\/index.php?rest_route=\/wp\/v2\/product"}],"about":[{"href":"https:\/\/foto-darceky.sk\/index.php?rest_route=\/wp\/v2\/types\/product"}],"replies":[{"embeddable":true,"href":"https:\/\/foto-darceky.sk\/index.php?rest_route=%2Fwp%2Fv2%2Fcomments&post=506"}],"wp:featuredmedia":[{"embeddable":true,"href":"https:\/\/foto-darceky.sk\/index.php?rest_route=\/wp\/v2\/media\/507"}],"wp:attachment":[{"href":"https:\/\/foto-darceky.sk\/index.php?rest_route=%2Fwp%2Fv2%2Fmedia&parent=506"}],"wp:term":[{"taxonomy":"product_cat","embeddable":true,"href":"https:\/\/foto-darceky.sk\/index.php?rest_route=%2Fwp%2Fv2%2Fproduct_cat&post=506"},{"taxonomy":"product_tag","embeddable":true,"href":"https:\/\/foto-darceky.sk\/index.php?rest_route=%2Fwp%2Fv2%2Fproduct_tag&post=506"}],"curies":[{"name":"wp","href":"https:\/\/api.w.org\/{rel}","templated":true}]}}